{"id":27,"date":"2022-07-08T12:47:22","date_gmt":"2022-07-08T10:47:22","guid":{"rendered":"https:\/\/www.felsineoveg.com\/fr\/?page_id=27"},"modified":"2022-07-08T12:47:23","modified_gmt":"2022-07-08T10:47:23","slug":"savez-vous-que","status":"publish","type":"page","link":"https:\/\/www.felsineoveg.com\/fr\/savez-vous-que\/","title":{"rendered":"Savez-vous que"},"content":{"rendered":"<div class=\"wp-block-image\">\n<figure class=\"alignright size-full is-resized\"><img loading=\"lazy\" decoding=\"async\" src=\"https:\/\/www.felsineoveg.com\/wp-content\/uploads\/2022\/01\/banner-page-did-you-know-that-1.png\" alt=\"\" class=\"wp-image-243\" width=\"500\" height=\"508\"\/><\/figure>\n<\/div>\n\n\n<p>Les lignes directrices pour une alimentation saine du <a href=\"http:\/\/nut.entecra.it\/\">CREA<\/a>\u00a0(Centre de Recherche pour les Aliments et la Nutrition), pour un apport nutritionnel complet, recommandent <strong>un r\u00e9gime riche en c\u00e9r\u00e9ales, l\u00e9gumes, l\u00e9gumes verts et fruits<\/strong> des aliments consid\u00e9r\u00e9s comme une importante source de glucides, fibres, prot\u00e9ines v\u00e9g\u00e9tales et m\u00eame de vitamines et min\u00e9raux.<\/p>\n\n\n\n<p>Le fait de varier le r\u00e9gime, dans une alimentation di\u00e9t\u00e9tique omnivore, permet d\u2019optimiser les facteurs pro-nutritionnels, et de limiter au contraire les facteurs antinutritionnels. Nos produits se pr\u00e9sentent comme un aliment \u00e9quilibr\u00e9 en raison des <strong>ingr\u00e9dients s\u00e9lectionn\u00e9s et parfaitement \u00e9quilibr\u00e9s<\/strong> et en tant qu\u2019alternative valable des sources de prot\u00e9ines animales.<\/p>\n\n\n\n<p>Un r\u00e9gime riche en matrices v\u00e9g\u00e9tales, comme l\u2019explique en outre le nutritionniste Andrea Ghiselli du <a href=\"http:\/\/nut.entecra.it\/\">Cra-Nut<\/a>\u00a0(ex Inran), contribue \u00e0 stimuler la sensation de sati\u00e9t\u00e9 afin de pouvoir de r\u00e9duire l\u2019apport en calories.<\/p>\n","protected":false},"excerpt":{"rendered":"<p>Les lignes directrices pour une alimentation saine du CREA\u00a0(Centre de Recherche pour les Aliments et la Nutrition), pour un apport nutritionnel complet, recommandent un r\u00e9gime riche en c\u00e9r\u00e9ales, l\u00e9gumes, l\u00e9gumes verts et fruits des aliments consid\u00e9r\u00e9s comme une importante source de glucides, fibres, prot\u00e9ines v\u00e9g\u00e9tales et m\u00eame de vitamines et min\u00e9raux. Le fait de varier [&hellip;]<\/p>\n","protected":false},"author":1,"featured_media":28,"parent":0,"menu_order":0,"comment_status":"closed","ping_status":"closed","template":"","meta":{"footnotes":""},"class_list":["post-27","page","type-page","status-publish","has-post-thumbnail","hentry"],"_links":{"self":[{"href":"https:\/\/www.felsineoveg.com\/fr\/wp-json\/wp\/v2\/pages\/27","targetHints":{"allow":["GET"]}}],"collection":[{"href":"https:\/\/www.felsineoveg.com\/fr\/wp-json\/wp\/v2\/pages"}],"about":[{"href":"https:\/\/www.felsineoveg.com\/fr\/wp-json\/wp\/v2\/types\/page"}],"author":[{"embeddable":true,"href":"https:\/\/www.felsineoveg.com\/fr\/wp-json\/wp\/v2\/users\/1"}],"replies":[{"embeddable":true,"href":"https:\/\/www.felsineoveg.com\/fr\/wp-json\/wp\/v2\/comments?post=27"}],"version-history":[{"count":1,"href":"https:\/\/www.felsineoveg.com\/fr\/wp-json\/wp\/v2\/pages\/27\/revisions"}],"predecessor-version":[{"id":29,"href":"https:\/\/www.felsineoveg.com\/fr\/wp-json\/wp\/v2\/pages\/27\/revisions\/29"}],"wp:featuredmedia":[{"embeddable":true,"href":"https:\/\/www.felsineoveg.com\/fr\/wp-json\/wp\/v2\/media\/28"}],"wp:attachment":[{"href":"https:\/\/www.felsineoveg.com\/fr\/wp-json\/wp\/v2\/media?parent=27"}],"curies":[{"name":"wp","href":"https:\/\/api.w.org\/{rel}","templated":true}]}}